{"id":739,"date":"2018-10-11T19:50:13","date_gmt":"2018-10-11T23:50:13","guid":{"rendered":"http:\/\/kciphilanthropy.flywheelsites.com\/?page_id=739"},"modified":"2025-08-12T09:35:09","modified_gmt":"2025-08-12T13:35:09","slug":"gens","status":"publish","type":"page","link":"https:\/\/kciphilanthropy.com\/fr\/gens\/","title":{"rendered":"Gens"},"content":{"rendered":"<p>[et_pb_section fb_built=\u00a0\u00bb1&Prime; _builder_version=\u00a0\u00bb4.16&Prime; background_color=\u00a0\u00bb#2ad2c9&Prime; background_image=\u00a0\u00bbhttps:\/\/kciphilanthropy.com\/wp-content\/uploads\/2018\/10\/inside-page-lines.png\u00a0\u00bb background_size=\u00a0\u00bbinitial\u00a0\u00bb background_repeat=\u00a0\u00bbrepeat-x\u00a0\u00bb custom_margin=\u00a0\u00bb0px||0px|\u00a0\u00bb custom_padding=\u00a0\u00bb50px||0px|\u00a0\u00bb global_colors_info=\u00a0\u00bb{}\u00a0\u00bb][et_pb_row column_structure=\u00a0\u00bb1_2,1_2&Prime; _builder_version=\u00a0\u00bb4.16&Prime; max_width=\u00a0\u00bb1210px\u00a0\u00bb custom_margin=\u00a0\u00bb0px||0px|\u00a0\u00bb custom_padding=\u00a0\u00bb0px||0px|\u00a0\u00bb use_custom_width=\u00a0\u00bbon\u00a0\u00bb custom_width_px=\u00a0\u00bb1210px\u00a0\u00bb global_colors_info=\u00a0\u00bb{}\u00a0\u00bb][et_pb_column type=\u00a0\u00bb1_2&Prime; _builder_version=\u00a0\u00bb4.16&Prime; background_color=\u00a0\u00bb#ffffff\u00a0\u00bb custom_padding=\u00a0\u00bb20px|||50px\u00a0\u00bb global_colors_info=\u00a0\u00bb{}\u00a0\u00bb custom_padding__hover=\u00a0\u00bb|||\u00a0\u00bb][et_pb_text admin_label=\u00a0\u00bbGens\u00a0\u00bb _builder_version=\u00a0\u00bb4.16&Prime; global_colors_info=\u00a0\u00bb{}\u00a0\u00bb]<\/p>\n<h1>Gens&nbsp\/<\/h1>\n<p>[\/et_pb_text][\/et_pb_column][et_pb_column type=\u00a0\u00bb1_2&Prime; _builder_version=\u00a0\u00bb4.16&Prime; custom_padding=\u00a0\u00bb|||\u00a0\u00bb global_colors_info=\u00a0\u00bb{}\u00a0\u00bb custom_padding__hover=\u00a0\u00bb|||\u00a0\u00bb][\/et_pb_column][\/et_pb_row][\/et_pb_section][et_pb_section fb_built=\u00a0\u00bb1&Prime; _builder_version=\u00a0\u00bb4.16&Prime; custom_padding=\u00a0\u00bb0px|||\u00a0\u00bb global_colors_info=\u00a0\u00bb{}\u00a0\u00bb][et_pb_row _builder_version=\u00a0\u00bb4.16&Prime; max_width=\u00a0\u00bb1080px\u00a0\u00bb custom_padding=\u00a0\u00bb67px|||\u00a0\u00bb global_colors_info=\u00a0\u00bb{}\u00a0\u00bb][et_pb_column type=\u00a0\u00bb4_4&Prime; _builder_version=\u00a0\u00bb4.16&Prime; custom_padding=\u00a0\u00bb|||\u00a0\u00bb global_colors_info=\u00a0\u00bb{}\u00a0\u00bb custom_padding__hover=\u00a0\u00bb|||\u00a0\u00bb][et_pb_text admin_label=\u00a0\u00bbL\u2019\u00e9quipe de direction KCI \/\u00a0\u00bb _builder_version=\u00a0\u00bb4.16&Prime; global_colors_info=\u00a0\u00bb{}\u00a0\u00bb]<\/p>\n<h3>L\u2019\u00e9quipe de direction KCI <span style=\"color: #2ad2c9;\">\/<\/span><\/h3>\n<p>[\/et_pb_text][\/et_pb_column][\/et_pb_row][et_pb_row column_structure=\u00a0\u00bb1_4,1_4,1_4,1_4&Prime; _builder_version=\u00a0\u00bb4.16&Prime; background_size=\u00a0\u00bbinitial\u00a0\u00bb background_position=\u00a0\u00bbtop_left\u00a0\u00bb background_repeat=\u00a0\u00bbrepeat\u00a0\u00bb global_colors_info=\u00a0\u00bb{}\u00a0\u00bb][et_pb_column type=\u00a0\u00bb1_4&Prime; _builder_version=\u00a0\u00bb4.16&Prime; custom_padding=\u00a0\u00bb|||\u00a0\u00bb global_colors_info=\u00a0\u00bb{}\u00a0\u00bb custom_padding__hover=\u00a0\u00bb|||\u00a0\u00bb][et_pb_team_member name=\u00a0\u00bbJill Anderson\u00a0\u00bb position=\u00a0\u00bbVice-pr\u00e9sidente associ\u00e9e, Recrutement + Talent\u00a0\u00bb image_url=\u00a0\u00bbhttps:\/\/kciphilanthropy.com\/wp-content\/uploads\/2025\/03\/Jill-Anderson-web.jpg\u00a0\u00bb linkedin_url=\u00a0\u00bbhttps:\/\/www.linkedin.com\/in\/jill-anderson-225b961b\/ \u00a0\u00bb admin_label=\u00a0\u00bbJill Anderson\u00a0\u00bb _builder_version=\u00a0\u00bb4.27.4&Prime; link_option_url=\u00a0\u00bb\/people\/jill-anderson\/\u00a0\u00bb db_email_addr=\u00a0\u00bbjanderson@kcitalent.com\u00a0\u00bb db_link_target=\u00a0\u00bbon\u00a0\u00bb locked=\u00a0\u00bboff\u00a0\u00bb global_colors_info=\u00a0\u00bb{}\u00a0\u00bb]<\/p>\n<p>T\/ 905-928-8905<\/p>\n<p>[\/et_pb_team_member][\/et_pb_column][et_pb_column type=\u00a0\u00bb1_4&Prime; _builder_version=\u00a0\u00bb4.16&Prime; custom_padding=\u00a0\u00bb|||\u00a0\u00bb global_colors_info=\u00a0\u00bb{}\u00a0\u00bb custom_padding__hover=\u00a0\u00bb|||\u00a0\u00bb][et_pb_team_member name=\u00a0\u00bbCeleste Bannon Waterman\u00a0\u00bb position=\u00a0\u00bbAssoci\u00e9e \/ Recherche + analytique\u00a0\u00bb image_url=\u00a0\u00bbhttps:\/\/kciphilanthropy.com\/wp-content\/uploads\/2018\/10\/230x300_Profile_CelesteWaterman.jpg\u00a0\u00bb linkedin_url=\u00a0\u00bbhttps:\/\/www.linkedin.com\/in\/celeste-bannon-waterman-93160112\/ \u00a0\u00bb admin_label=\u00a0\u00bbCeleste Bannon Waterman\u00a0\u00bb _builder_version=\u00a0\u00bb4.27.4&Prime; link_option_url=\u00a0\u00bb\/people\/celeste-bannon-waterman\/\u00a0\u00bb db_email_addr=\u00a0\u00bbcbannonwaterman@kciphilanthropy.com\u00a0\u00bb db_link_target=\u00a0\u00bbon\u00a0\u00bb global_colors_info=\u00a0\u00bb{}\u00a0\u00bb]<\/p>\n<p>T\/ 416.340.9710 x1006<\/p>\n<p>[\/et_pb_team_member][\/et_pb_column][et_pb_column type=\u00a0\u00bb1_4&Prime; _builder_version=\u00a0\u00bb4.16&Prime; custom_padding=\u00a0\u00bb|||\u00a0\u00bb global_colors_info=\u00a0\u00bb{}\u00a0\u00bb custom_padding__hover=\u00a0\u00bb|||\u00a0\u00bb][et_pb_team_member name=\u00a0\u00bbSylvie Battisti\u00a0\u00bb position=\u00a0\u00bbVice-pr\u00e9sidente principale, Recrutement + Talent\u00a0\u00bb image_url=\u00a0\u00bbhttps:\/\/kciphilanthropy.com\/wp-content\/uploads\/2018\/11\/230&#215;300-Profile_SylvieBattisti.jpg\u00a0\u00bb linkedin_url=\u00a0\u00bbhttps:\/\/www.linkedin.com\/in\/sylvie-battisti-90bb1321\/\u00a0\u00bb admin_label=\u00a0\u00bbSylvie Battisti\u00a0\u00bb _builder_version=\u00a0\u00bb4.23.1&Prime; link_option_url=\u00a0\u00bb\/fr\/gens\/sylvie-battisti\/\u00a0\u00bb db_email_addr=\u00a0\u00bbsbattisti@kcitalent.com\u00a0\u00bb db_link_target=\u00a0\u00bbon\u00a0\u00bb global_colors_info=\u00a0\u00bb{}\u00a0\u00bb]<\/p>\n<p>T\/ 438.820.3496<\/p>\n<p>[\/et_pb_team_member][\/et_pb_column][et_pb_column type=\u00a0\u00bb1_4&Prime; _builder_version=\u00a0\u00bb4.16&Prime; custom_padding=\u00a0\u00bb|||\u00a0\u00bb global_colors_info=\u00a0\u00bb{}\u00a0\u00bb custom_padding__hover=\u00a0\u00bb|||\u00a0\u00bb][et_pb_team_member name=\u00a0\u00bbSuzanne Duncan\u00a0\u00bb position=\u00a0\u00bbVice-pr\u00e9sidente, philanthropie\u00a0\u00bb image_url=\u00a0\u00bbhttps:\/\/kciphilanthropy.com\/wp-content\/uploads\/2025\/07\/Suzanne-Duncan-sm.jpg\u00a0\u00bb linkedin_url=\u00a0\u00bbhttps:\/\/www.linkedin.com\/in\/suzanne-duncan-cfre\/\u00a0\u00bb admin_label=\u00a0\u00bbSuzanne Duncan\u00a0\u00bb _builder_version=\u00a0\u00bb4.27.4&Prime; link_option_url=\u00a0\u00bb\/people\/suzanne-duncan\u00a0\u00bb hover_enabled=\u00a0\u00bb0&Prime; db_email_addr=\u00a0\u00bbsduncan@kciphilanthropy.com\u00a0\u00bb db_link_target=\u00a0\u00bbon\u00a0\u00bb locked=\u00a0\u00bboff\u00a0\u00bb global_colors_info=\u00a0\u00bb{}\u00a0\u00bb sticky_enabled=\u00a0\u00bb0&Prime;]<\/p>\n<p>T\/416.340.9710 x1049<\/p>\n<p>[\/et_pb_team_member][\/et_pb_column][\/et_pb_row][et_pb_row column_structure=\u00a0\u00bb1_4,1_4,1_4,1_4&Prime; _builder_version=\u00a0\u00bb4.16&Prime; background_size=\u00a0\u00bbinitial\u00a0\u00bb background_position=\u00a0\u00bbtop_left\u00a0\u00bb background_repeat=\u00a0\u00bbrepeat\u00a0\u00bb global_colors_info=\u00a0\u00bb{}\u00a0\u00bb][et_pb_column type=\u00a0\u00bb1_4&Prime; _builder_version=\u00a0\u00bb4.16&Prime; custom_padding=\u00a0\u00bb|||\u00a0\u00bb global_colors_info=\u00a0\u00bb{}\u00a0\u00bb custom_padding__hover=\u00a0\u00bb|||\u00a0\u00bb][et_pb_team_member name=\u00a0\u00bbTara George\u00a0\u00bb position=\u00a0\u00bbConsultante ex\u00e9cutive, Recrutement + Talent\u00a0\u00bb image_url=\u00a0\u00bbhttps:\/\/kciphilanthropy.com\/wp-content\/uploads\/2018\/10\/230x300_Profile_TaraGeorge.jpg\u00a0\u00bb linkedin_url=\u00a0\u00bbhttps:\/\/www.linkedin.com\/in\/tara-george-a261656\/ \u00a0\u00bb admin_label=\u00a0\u00bbTara George\u00a0\u00bb _builder_version=\u00a0\u00bb4.27.4&Prime; link_option_url=\u00a0\u00bb\/people\/tara-george\/\u00a0\u00bb db_email_addr=\u00a0\u00bbtgeorge@kcitalent.com\u00a0\u00bb db_link_target=\u00a0\u00bbon\u00a0\u00bb global_colors_info=\u00a0\u00bb{}\u00a0\u00bb]<\/p>\n<p>T\/ 416.340.9710 x1013<\/p>\n<p>[\/et_pb_team_member][\/et_pb_column][et_pb_column type=\u00a0\u00bb1_4&Prime; _builder_version=\u00a0\u00bb4.16&Prime; custom_padding=\u00a0\u00bb|||\u00a0\u00bb global_colors_info=\u00a0\u00bb{}\u00a0\u00bb custom_padding__hover=\u00a0\u00bb|||\u00a0\u00bb][et_pb_team_member name=\u00a0\u00bbPaul Koreen\u00a0\u00bb position=\u00a0\u00bbAssoci\u00e9 \/ Chef de l\u2019exploitation\u00a0\u00bb image_url=\u00a0\u00bbhttps:\/\/kciphilanthropy.com\/wp-content\/uploads\/2018\/10\/230x300_Profile_PaulKoreen.jpg\u00a0\u00bb linkedin_url=\u00a0\u00bbhttps:\/\/www.linkedin.com\/in\/paul-koreen-5027a84\/ \u00a0\u00bb admin_label=\u00a0\u00bbPaul Koreen\u00a0\u00bb _builder_version=\u00a0\u00bb4.27.4&Prime; link_option_url=\u00a0\u00bb\/people\/paul-koreen\/\u00a0\u00bb db_email_addr=\u00a0\u00bbpkoreen@kciphilanthropy.com\u00a0\u00bb db_link_target=\u00a0\u00bbon\u00a0\u00bb global_colors_info=\u00a0\u00bb{}\u00a0\u00bb]<\/p>\n<p>T\/ 416.340.9710 x1018<\/p>\n<p>[\/et_pb_team_member][\/et_pb_column][et_pb_column type=\u00a0\u00bb1_4&Prime; _builder_version=\u00a0\u00bb4.16&Prime; custom_padding=\u00a0\u00bb|||\u00a0\u00bb global_colors_info=\u00a0\u00bb{}\u00a0\u00bb custom_padding__hover=\u00a0\u00bb|||\u00a0\u00bb][et_pb_team_member name=\u00a0\u00bbMichael Logue\u00a0\u00bb position=\u00a0\u00bbAssoci\u00e9\u00a0\u00bb image_url=\u00a0\u00bbhttps:\/\/kciphilanthropy.com\/wp-content\/uploads\/2018\/10\/230x300_Profile_MichaelLogue.jpg\u00a0\u00bb linkedin_url=\u00a0\u00bbhttps:\/\/www.linkedin.com\/in\/mike-logue-a8329221\/ \u00a0\u00bb admin_label=\u00a0\u00bbMichael Logue\u00a0\u00bb _builder_version=\u00a0\u00bb4.27.4&Prime; link_option_url=\u00a0\u00bb\/people\/michael-logue\/\u00a0\u00bb db_email_addr=\u00a0\u00bbmlogue@kciphilanthropy.com\u00a0\u00bb db_link_target=\u00a0\u00bbon\u00a0\u00bb global_colors_info=\u00a0\u00bb{}\u00a0\u00bb]<\/p>\n<p>T\/ 416.340.9710 x1020<\/p>\n<p>[\/et_pb_team_member][\/et_pb_column][et_pb_column type=\u00a0\u00bb1_4&Prime; _builder_version=\u00a0\u00bb4.16&Prime; custom_padding=\u00a0\u00bb|||\u00a0\u00bb global_colors_info=\u00a0\u00bb{}\u00a0\u00bb custom_padding__hover=\u00a0\u00bb|||\u00a0\u00bb][et_pb_team_member name=\u00a0\u00bbShannon Moon\u00a0\u00bb position=\u00a0\u00bbVice-pr\u00e9sidente, Recherche + analytique\u00a0\u00bb image_url=\u00a0\u00bbhttps:\/\/kciphilanthropy.com\/wp-content\/uploads\/2024\/01\/230&#215;300-Profile_Shannon_Moon.png\u00a0\u00bb linkedin_url=\u00a0\u00bbhttps:\/\/www.linkedin.com\/in\/shannon-moon\/\u00a0\u00bb admin_label=\u00a0\u00bbShannon Moon\u00a0\u00bb _builder_version=\u00a0\u00bb4.27.4&Prime; link_option_url=\u00a0\u00bb\/people\/shannon-moon\/\u00a0\u00bb db_email_addr=\u00a0\u00bbsmoon@kciphilanthropy.com\u00a0\u00bb db_link_target=\u00a0\u00bbon\u00a0\u00bb global_colors_info=\u00a0\u00bb{}\u00a0\u00bb]<\/p>\n<p>T\/416-557-5708<\/p>\n<p>[\/et_pb_team_member][\/et_pb_column][\/et_pb_row][et_pb_row column_structure=\u00a0\u00bb1_4,1_4,1_4,1_4&Prime; _builder_version=\u00a0\u00bb4.16&Prime; background_size=\u00a0\u00bbinitial\u00a0\u00bb background_position=\u00a0\u00bbtop_left\u00a0\u00bb background_repeat=\u00a0\u00bbrepeat\u00a0\u00bb global_colors_info=\u00a0\u00bb{}\u00a0\u00bb][et_pb_column type=\u00a0\u00bb1_4&Prime; _builder_version=\u00a0\u00bb4.16&Prime; custom_padding=\u00a0\u00bb|||\u00a0\u00bb global_colors_info=\u00a0\u00bb{}\u00a0\u00bb custom_padding__hover=\u00a0\u00bb|||\u00a0\u00bb][et_pb_team_member name=\u00a0\u00bbLouise Mussio\u00a0\u00bb position=\u00a0\u00bbVice-pr\u00e9sidente associ\u00e9e, \u00c9valuations + d\u00e9veloppement des strategies\u00a0\u00bb image_url=\u00a0\u00bbhttps:\/\/kciphilanthropy.com\/wp-content\/uploads\/2025\/01\/Louise-Mussio-kci-3.png\u00a0\u00bb linkedin_url=\u00a0\u00bbhttps:\/\/www.linkedin.com\/in\/louise-mussio-ph-d-7b58321\/\u00a0\u00bb admin_label=\u00a0\u00bbLouise Mussio\u00a0\u00bb _builder_version=\u00a0\u00bb4.27.4&Prime; link_option_url=\u00a0\u00bb\/people\/louise-mussio\/\u00a0\u00bb db_email_addr=\u00a0\u00bblmussio@kciphilanthropy.com\u00a0\u00bb db_link_target=\u00a0\u00bbon\u00a0\u00bb global_colors_info=\u00a0\u00bb{}\u00a0\u00bb]<\/p>\n<p>T\/647-238-6818<\/p>\n<p>[\/et_pb_team_member][\/et_pb_column][et_pb_column type=\u00a0\u00bb1_4&Prime; _builder_version=\u00a0\u00bb4.16&Prime; custom_padding=\u00a0\u00bb|||\u00a0\u00bb global_colors_info=\u00a0\u00bb{}\u00a0\u00bb custom_padding__hover=\u00a0\u00bb|||\u00a0\u00bb][et_pb_team_member name=\u00a0\u00bbEllie Rusonik\u00a0\u00bb position=\u00a0\u00bb Vice-pr\u00e9sidente principale, Recrutement + Talent\u00a0\u00bb image_url=\u00a0\u00bbhttps:\/\/kciphilanthropy.com\/wp-content\/uploads\/2021\/03\/Ellie-Rusonik-bio.jpg\u00a0\u00bb linkedin_url=\u00a0\u00bbhttps:\/\/www.linkedin.com\/in\/erusonik\/\u00a0\u00bb admin_label=\u00a0\u00bbEllie Rusonik\u00a0\u00bb _builder_version=\u00a0\u00bb4.27.4&Prime; link_option_url=\u00a0\u00bb\/people\/ellie-rusonik\/\u00a0\u00bb db_email_addr=\u00a0\u00bberusonik@kciphilanthropy.com\u00a0\u00bb db_link_target=\u00a0\u00bbon\u00a0\u00bb global_colors_info=\u00a0\u00bb{}\u00a0\u00bb]<\/p>\n<p>T\/416-340-9710 x1038<\/p>\n<p>[\/et_pb_team_member][\/et_pb_column][et_pb_column type=\u00a0\u00bb1_4&Prime; _builder_version=\u00a0\u00bb4.16&Prime; custom_padding=\u00a0\u00bb|||\u00a0\u00bb global_colors_info=\u00a0\u00bb{}\u00a0\u00bb custom_padding__hover=\u00a0\u00bb|||\u00a0\u00bb][et_pb_team_member name=\u00a0\u00bbSusan Storey\u00a0\u00bb position=\u00a0\u00bbAssoci\u00e9e\u00a0\u00bb image_url=\u00a0\u00bbhttps:\/\/kciphilanthropy.com\/wp-content\/uploads\/2018\/10\/230x300_Profile_SusanStorey.jpg\u00a0\u00bb linkedin_url=\u00a0\u00bbhttps:\/\/www.linkedin.com\/in\/susan-storey-cfre-086a7b25\/\u00a0\u00bb admin_label=\u00a0\u00bbSusan Storey\u00a0\u00bb _builder_version=\u00a0\u00bb4.27.4&Prime; link_option_url=\u00a0\u00bb\/people\/susan-storey\/\u00a0\u00bb db_email_addr=\u00a0\u00bbsstorey@kciphilanthropy.com\u00a0\u00bb db_link_target=\u00a0\u00bbon\u00a0\u00bb global_colors_info=\u00a0\u00bb{}\u00a0\u00bb]<\/p>\n<p>T\/ 416.340.9710 x1030<\/p>\n<p>[\/et_pb_team_member][\/et_pb_column][et_pb_column type=\u00a0\u00bb1_4&Prime; _builder_version=\u00a0\u00bb4.16&Prime; custom_padding=\u00a0\u00bb|||\u00a0\u00bb global_colors_info=\u00a0\u00bb{}\u00a0\u00bb custom_padding__hover=\u00a0\u00bb|||\u00a0\u00bb][\/et_pb_column][\/et_pb_row][\/et_pb_section][et_pb_section fb_built=\u00a0\u00bb1&Prime; disabled_on=\u00a0\u00bbon|on|on\u00a0\u00bb module_class=\u00a0\u00bbboard-team\u00a0\u00bb _builder_version=\u00a0\u00bb4.16&Prime; background_image=\u00a0\u00bbhttps:\/\/kciphilanthropy.com\/wp-content\/uploads\/2018\/10\/people-grey-bk.jpg\u00a0\u00bb background_size=\u00a0\u00bbinitial\u00a0\u00bb background_position=\u00a0\u00bbtop_center\u00a0\u00bb background_repeat=\u00a0\u00bbrepeat\u00a0\u00bb disabled=\u00a0\u00bbon\u00a0\u00bb collapsed=\u00a0\u00bbon\u00a0\u00bb global_colors_info=\u00a0\u00bb{}\u00a0\u00bb][et_pb_row _builder_version=\u00a0\u00bb4.16&Prime; background_size=\u00a0\u00bbinitial\u00a0\u00bb background_position=\u00a0\u00bbtop_left\u00a0\u00bb background_repeat=\u00a0\u00bbrepeat\u00a0\u00bb global_colors_info=\u00a0\u00bb{}\u00a0\u00bb][et_pb_column type=\u00a0\u00bb4_4&Prime; _builder_version=\u00a0\u00bb4.16&Prime; custom_padding=\u00a0\u00bb|||\u00a0\u00bb global_colors_info=\u00a0\u00bb{}\u00a0\u00bb custom_padding__hover=\u00a0\u00bb|||\u00a0\u00bb][et_pb_text admin_label=\u00a0\u00bbConseil consultatif, Philanthropie en perspective\u00a0\u00bb _builder_version=\u00a0\u00bb4.16&Prime; global_colors_info=\u00a0\u00bb{}\u00a0\u00bb]<\/p>\n<h3>Conseil consultatif, Philanthropie en perspective <span style=\"color: #2ad2c9;\">\/<\/span><\/h3>\n<p>[\/et_pb_text][et_pb_text _builder_version=\u00a0\u00bb4.16&Prime; global_colors_info=\u00a0\u00bb{}\u00a0\u00bb]<\/p>\n<p>Nos articles, baladodiffusions et rapports profitent immens\u00e9ment des connaissances et des contributions hautement appr\u00e9ci\u00e9es de notre Comit\u00e9 consultatif Philanthropie en perspective. Merci!<\/p>\n<p>[\/et_pb_text][\/et_pb_column][\/et_pb_row][et_pb_row column_structure=\u00a0\u00bb1_4,1_4,1_4,1_4&Prime; _builder_version=\u00a0\u00bb4.16&Prime; max_width=\u00a0\u00bb1080px\u00a0\u00bb custom_padding=\u00a0\u00bb0px|||\u00a0\u00bb global_colors_info=\u00a0\u00bb{}\u00a0\u00bb][et_pb_column type=\u00a0\u00bb1_4&Prime; _builder_version=\u00a0\u00bb4.16&Prime; custom_padding=\u00a0\u00bb|||\u00a0\u00bb global_colors_info=\u00a0\u00bb{}\u00a0\u00bb custom_padding__hover=\u00a0\u00bb|||\u00a0\u00bb][et_pb_text admin_label=\u00a0\u00bbJan Belanger\u00a0\u00bb _builder_version=\u00a0\u00bb4.16&Prime; global_colors_info=\u00a0\u00bb{}\u00a0\u00bb]<\/p>\n<h4>Jan Belanger<\/h4>\n<p>Vice-pr\u00e9sidente, Relations communautaires (retrait\u00e9e)<br \/>Canada Vie Assurance<\/p>\n<p>[\/et_pb_text][\/et_pb_column][et_pb_column type=\u00a0\u00bb1_4&Prime; _builder_version=\u00a0\u00bb4.16&Prime; custom_padding=\u00a0\u00bb|||\u00a0\u00bb global_colors_info=\u00a0\u00bb{}\u00a0\u00bb custom_padding__hover=\u00a0\u00bb|||\u00a0\u00bb][et_pb_text admin_label=\u00a0\u00bbPenny Blackwood\u00a0\u00bb _builder_version=\u00a0\u00bb4.16&Prime; global_colors_info=\u00a0\u00bb{}\u00a0\u00bb]<\/p>\n<h4>Penny Blackwood<\/h4>\n<p>Directrice ex\u00e9cutive, Relations avec les dipl\u00f4m\u00e9s et d\u00e9veloppement<br \/>Memorial University of Newfoundland<\/p>\n<p>[\/et_pb_text][\/et_pb_column][et_pb_column type=\u00a0\u00bb1_4&Prime; _builder_version=\u00a0\u00bb4.16&Prime; custom_padding=\u00a0\u00bb|||\u00a0\u00bb global_colors_info=\u00a0\u00bb{}\u00a0\u00bb custom_padding__hover=\u00a0\u00bb|||\u00a0\u00bb][et_pb_text admin_label=\u00a0\u00bbMalcolm Burrows\u00a0\u00bb _builder_version=\u00a0\u00bb4.16&Prime; global_colors_info=\u00a0\u00bb{}\u00a0\u00bb]<\/p>\n<h4>Malcolm Burrows<\/h4>\n<p>Conseils philanthropiques<br \/>Scotia Gestion de patrimoine<\/p>\n<p>[\/et_pb_text][\/et_pb_column][et_pb_column type=\u00a0\u00bb1_4&Prime; _builder_version=\u00a0\u00bb4.16&Prime; custom_padding=\u00a0\u00bb|||\u00a0\u00bb global_colors_info=\u00a0\u00bb{}\u00a0\u00bb custom_padding__hover=\u00a0\u00bb|||\u00a0\u00bb][et_pb_text admin_label=\u00a0\u00bbRichard L. Frost\u00a0\u00bb _builder_version=\u00a0\u00bb4.16&Prime; global_colors_info=\u00a0\u00bb{}\u00a0\u00bb]<\/p>\n<h4>Richard L. Frost<\/h4>\n<p>Chef de la direction<br \/>The Winnipeg Foundation<\/p>\n<p>[\/et_pb_text][\/et_pb_column][\/et_pb_row][et_pb_row column_structure=\u00a0\u00bb1_4,1_4,1_4,1_4&Prime; _builder_version=\u00a0\u00bb4.16&Prime; max_width=\u00a0\u00bb1080px\u00a0\u00bb custom_padding=\u00a0\u00bb0px|||\u00a0\u00bb global_colors_info=\u00a0\u00bb{}\u00a0\u00bb][et_pb_column type=\u00a0\u00bb1_4&Prime; _builder_version=\u00a0\u00bb4.16&Prime; custom_padding=\u00a0\u00bb|||\u00a0\u00bb global_colors_info=\u00a0\u00bb{}\u00a0\u00bb custom_padding__hover=\u00a0\u00bb|||\u00a0\u00bb][et_pb_text admin_label=\u00a0\u00bbTed Garrard\u00a0\u00bb _builder_version=\u00a0\u00bb4.16&Prime; global_colors_info=\u00a0\u00bb{}\u00a0\u00bb]<\/p>\n<h4>Ted Garrard<\/h4>\n<p>Chef de la direction<br \/>SickKids Foundation<\/p>\n<p>[\/et_pb_text][\/et_pb_column][et_pb_column type=\u00a0\u00bb1_4&Prime; _builder_version=\u00a0\u00bb4.16&Prime; custom_padding=\u00a0\u00bb|||\u00a0\u00bb global_colors_info=\u00a0\u00bb{}\u00a0\u00bb custom_padding__hover=\u00a0\u00bb|||\u00a0\u00bb][et_pb_text admin_label=\u00a0\u00bbBarbara Grantham\u00a0\u00bb _builder_version=\u00a0\u00bb4.16&Prime; global_colors_info=\u00a0\u00bb{}\u00a0\u00bb]<\/p>\n<h4>Barbara Grantham<\/h4>\n<p>Pr\u00e9sidente et chef de la direction<br \/>CARE Canada<\/p>\n<p>[\/et_pb_text][\/et_pb_column][et_pb_column type=\u00a0\u00bb1_4&Prime; _builder_version=\u00a0\u00bb4.16&Prime; custom_padding=\u00a0\u00bb|||\u00a0\u00bb global_colors_info=\u00a0\u00bb{}\u00a0\u00bb custom_padding__hover=\u00a0\u00bb|||\u00a0\u00bb][et_pb_text admin_label=\u00a0\u00bbTennys J. M. Hanson\u00a0\u00bb _builder_version=\u00a0\u00bb4.16&Prime; z_index_tablet=\u00a0\u00bb500&Prime; global_colors_info=\u00a0\u00bb{}\u00a0\u00bb]<\/p>\n<h4>Tennys J. M. Hanson<\/h4>\n<p>Pr\u00e9sidente et chef de la direction, Toronto General&amp; Western Hospital Foundation<br \/>Vice-pr\u00e9sidente\u00a0 et chef directrice du d\u00e9veloppement, University Health Network<\/p>\n<p>[\/et_pb_text][\/et_pb_column][et_pb_column type=\u00a0\u00bb1_4&Prime; _builder_version=\u00a0\u00bb4.16&Prime; custom_padding=\u00a0\u00bb|||\u00a0\u00bb global_colors_info=\u00a0\u00bb{}\u00a0\u00bb custom_padding__hover=\u00a0\u00bb|||\u00a0\u00bb][et_pb_text admin_label=\u00a0\u00bbSusan Horvath\u00a0\u00bb _builder_version=\u00a0\u00bb4.16&Prime; global_colors_info=\u00a0\u00bb{}\u00a0\u00bb]<\/p>\n<h4>Susan Horvath<\/h4>\n<p>Pr\u00e9sident et chef de la direction<br \/>ROM Board of Governors<\/p>\n<p>[\/et_pb_text][\/et_pb_column][\/et_pb_row][et_pb_row column_structure=\u00a0\u00bb1_4,1_4,1_4,1_4&Prime; _builder_version=\u00a0\u00bb4.16&Prime; max_width=\u00a0\u00bb1080px\u00a0\u00bb custom_padding=\u00a0\u00bb0px|||\u00a0\u00bb global_colors_info=\u00a0\u00bb{}\u00a0\u00bb][et_pb_column type=\u00a0\u00bb1_4&Prime; _builder_version=\u00a0\u00bb4.16&Prime; custom_padding=\u00a0\u00bb|||\u00a0\u00bb global_colors_info=\u00a0\u00bb{}\u00a0\u00bb custom_padding__hover=\u00a0\u00bb|||\u00a0\u00bb][et_pb_text admin_label=\u00a0\u00bbMichael Kiefer\u00a0\u00bb _builder_version=\u00a0\u00bb4.16&Prime; global_colors_info=\u00a0\u00bb{}\u00a0\u00bb]<\/p>\n<h4>Michael Kiefer<\/h4>\n<p>Vice-pr\u00e9sident, initiatives pr\u00e9sidentielles et dons principaux<br \/>Dartmouth College<\/p>\n<p>[\/et_pb_text][\/et_pb_column][et_pb_column type=\u00a0\u00bb1_4&Prime; _builder_version=\u00a0\u00bb4.16&Prime; custom_padding=\u00a0\u00bb|||\u00a0\u00bb global_colors_info=\u00a0\u00bb{}\u00a0\u00bb custom_padding__hover=\u00a0\u00bb|||\u00a0\u00bb][et_pb_text admin_label=\u00a0\u00bbKen Mayhew\u00a0\u00bb _builder_version=\u00a0\u00bb4.16&Prime; global_colors_info=\u00a0\u00bb{}\u00a0\u00bb]<\/p>\n<h4>Ken Mayhew<\/h4>\n<p>Pr\u00e9sident et chef de la direction<br \/>William Osler Health System Foundation<\/p>\n<p>[\/et_pb_text][\/et_pb_column][et_pb_column type=\u00a0\u00bb1_4&Prime; _builder_version=\u00a0\u00bb4.16&Prime; custom_padding=\u00a0\u00bb|||\u00a0\u00bb global_colors_info=\u00a0\u00bb{}\u00a0\u00bb custom_padding__hover=\u00a0\u00bb|||\u00a0\u00bb][et_pb_text admin_label=\u00a0\u00bbBruce MacDonald\u00a0\u00bb _builder_version=\u00a0\u00bb4.16&Prime; z_index_tablet=\u00a0\u00bb500&Prime; global_colors_info=\u00a0\u00bb{}\u00a0\u00bb]<\/p>\n<h4>Bruce MacDonald<\/h4>\n<p>Pr\u00e9sident et chef de la direction<br \/>Imagine Canada<\/p>\n<p>[\/et_pb_text][\/et_pb_column][et_pb_column type=\u00a0\u00bb1_4&Prime; _builder_version=\u00a0\u00bb4.16&Prime; custom_padding=\u00a0\u00bb|||\u00a0\u00bb global_colors_info=\u00a0\u00bb{}\u00a0\u00bb custom_padding__hover=\u00a0\u00bb|||\u00a0\u00bb][et_pb_text admin_label=\u00a0\u00bbWendy McDowall\u00a0\u00bb _builder_version=\u00a0\u00bb4.16&Prime; global_colors_info=\u00a0\u00bb{}\u00a0\u00bb]<\/p>\n<h4>Wendy McDowall<\/h4>\n<p>Directrice du d\u00e9veloppement<br \/>YMCA of Greater Toronto<\/p>\n<p>[\/et_pb_text][\/et_pb_column][\/et_pb_row][et_pb_row column_structure=\u00a0\u00bb1_4,1_4,1_4,1_4&Prime; _builder_version=\u00a0\u00bb4.16&Prime; max_width=\u00a0\u00bb1080px\u00a0\u00bb custom_padding=\u00a0\u00bb0px|||\u00a0\u00bb global_colors_info=\u00a0\u00bb{}\u00a0\u00bb][et_pb_column type=\u00a0\u00bb1_4&Prime; _builder_version=\u00a0\u00bb4.16&Prime; custom_padding=\u00a0\u00bb|||\u00a0\u00bb global_colors_info=\u00a0\u00bb{}\u00a0\u00bb custom_padding__hover=\u00a0\u00bb|||\u00a0\u00bb][et_pb_text admin_label=\u00a0\u00bbSusan McIsaac\u00a0\u00bb _builder_version=\u00a0\u00bb4.16&Prime; global_colors_info=\u00a0\u00bb{}\u00a0\u00bb]<\/p>\n<h4>Susan McIsaac<\/h4>\n<p>Pr\u00e9sidente et chef de la direction<br \/>Right to Play International<\/p>\n<p>[\/et_pb_text][\/et_pb_column][et_pb_column type=\u00a0\u00bb1_4&Prime; _builder_version=\u00a0\u00bb4.16&Prime; custom_padding=\u00a0\u00bb|||\u00a0\u00bb global_colors_info=\u00a0\u00bb{}\u00a0\u00bb custom_padding__hover=\u00a0\u00bb|||\u00a0\u00bb][et_pb_text admin_label=\u00a0\u00bbJeff O&rsquo;Hagan\u00a0\u00bb _builder_version=\u00a0\u00bb4.16&Prime; global_colors_info=\u00a0\u00bb{}\u00a0\u00bb]<\/p>\n<h4>Jeff O&rsquo;Hagan<\/h4>\n<p>Vice pr\u00e9sident de l\u2019avancement<br \/>York University<\/p>\n<p>[\/et_pb_text][\/et_pb_column][et_pb_column type=\u00a0\u00bb1_4&Prime; _builder_version=\u00a0\u00bb4.16&Prime; custom_padding=\u00a0\u00bb|||\u00a0\u00bb global_colors_info=\u00a0\u00bb{}\u00a0\u00bb custom_padding__hover=\u00a0\u00bb|||\u00a0\u00bb][et_pb_text admin_label=\u00a0\u00bbMarnie Spears\u00a0\u00bb _builder_version=\u00a0\u00bb4.16&Prime; global_colors_info=\u00a0\u00bb{}\u00a0\u00bb]<\/p>\n<h4>Marnie Spears<\/h4>\n<p>Pr\u00e9sident et chef de la direction<br \/>KCI (Ketchum Canada inc.)<\/p>\n<p>[\/et_pb_text][\/et_pb_column][et_pb_column type=\u00a0\u00bb1_4&Prime; _builder_version=\u00a0\u00bb4.16&Prime; custom_padding=\u00a0\u00bb|||\u00a0\u00bb global_colors_info=\u00a0\u00bb{}\u00a0\u00bb custom_padding__hover=\u00a0\u00bb|||\u00a0\u00bb][et_pb_text admin_label=\u00a0\u00bbJames Stauch\u00a0\u00bb _builder_version=\u00a0\u00bb4.16&Prime; global_colors_info=\u00a0\u00bb{}\u00a0\u00bb]<\/p>\n<h4>James Stauch<\/h4>\n<p>Directeur, Institute for Community Prosperity<br \/>Mount Royal College<\/p>\n<p>[\/et_pb_text][\/et_pb_column][\/et_pb_row][et_pb_row column_structure=\u00a0\u00bb1_4,1_4,1_4,1_4&Prime; _builder_version=\u00a0\u00bb4.16&Prime; max_width=\u00a0\u00bb1080px\u00a0\u00bb custom_padding=\u00a0\u00bb0px|||\u00a0\u00bb global_colors_info=\u00a0\u00bb{}\u00a0\u00bb][et_pb_column type=\u00a0\u00bb1_4&Prime; _builder_version=\u00a0\u00bb4.16&Prime; custom_padding=\u00a0\u00bb|||\u00a0\u00bb global_colors_info=\u00a0\u00bb{}\u00a0\u00bb custom_padding__hover=\u00a0\u00bb|||\u00a0\u00bb][et_pb_text admin_label=\u00a0\u00bbJayne Watson\u00a0\u00bb _builder_version=\u00a0\u00bb4.16&Prime; global_colors_info=\u00a0\u00bb{}\u00a0\u00bb]<\/p>\n<h4>Jayne Watson<\/h4>\n<p>Chef de la direction<br \/>NAC Foundation<\/p>\n<p>[\/et_pb_text][\/et_pb_column][et_pb_column type=\u00a0\u00bb1_4&Prime; _builder_version=\u00a0\u00bb4.16&Prime; custom_padding=\u00a0\u00bb|||\u00a0\u00bb global_colors_info=\u00a0\u00bb{}\u00a0\u00bb custom_padding__hover=\u00a0\u00bb|||\u00a0\u00bb][\/et_pb_column][et_pb_column type=\u00a0\u00bb1_4&Prime; _builder_version=\u00a0\u00bb4.16&Prime; custom_padding=\u00a0\u00bb|||\u00a0\u00bb global_colors_info=\u00a0\u00bb{}\u00a0\u00bb custom_padding__hover=\u00a0\u00bb|||\u00a0\u00bb][\/et_pb_column][et_pb_column type=\u00a0\u00bb1_4&Prime; _builder_version=\u00a0\u00bb4.16&Prime; custom_padding=\u00a0\u00bb|||\u00a0\u00bb global_colors_info=\u00a0\u00bb{}\u00a0\u00bb custom_padding__hover=\u00a0\u00bb|||\u00a0\u00bb][\/et_pb_column][\/et_pb_row][\/et_pb_section][et_pb_section fb_built=\u00a0\u00bb1&Prime; disabled_on=\u00a0\u00bbon|on|on\u00a0\u00bb admin_label=\u00a0\u00bbIInclusion, diversit\u00e9, \u00e9quit\u00e9, acc\u00e8s (IDEA) chez KCI  \/\u00a0\u00bb _builder_version=\u00a0\u00bb4.16&Prime; custom_padding=\u00a0\u00bb0px|||\u00a0\u00bb disabled=\u00a0\u00bbon\u00a0\u00bb locked=\u00a0\u00bboff\u00a0\u00bb collapsed=\u00a0\u00bbon\u00a0\u00bb global_colors_info=\u00a0\u00bb{}\u00a0\u00bb][et_pb_row _builder_version=\u00a0\u00bb4.16&Prime; max_width=\u00a0\u00bb1080px\u00a0\u00bb custom_padding=\u00a0\u00bb67px|||\u00a0\u00bb global_colors_info=\u00a0\u00bb{}\u00a0\u00bb][et_pb_column type=\u00a0\u00bb4_4&Prime; _builder_version=\u00a0\u00bb4.16&Prime; custom_padding=\u00a0\u00bb|||\u00a0\u00bb global_colors_info=\u00a0\u00bb{}\u00a0\u00bb custom_padding__hover=\u00a0\u00bb|||\u00a0\u00bb][et_pb_text admin_label=\u00a0\u00bbInclusion, diversit\u00e9, \u00e9quit\u00e9, acc\u00e8s (IDEA) chez KCI \/\u00a0\u00bb _builder_version=\u00a0\u00bb4.16&Prime; text_orientation=\u00a0\u00bbcenter\u00a0\u00bb global_colors_info=\u00a0\u00bb{}\u00a0\u00bb]<\/p>\n<h3>Inclusion, diversit\u00e9, \u00e9quit\u00e9, acc\u00e8s (IDEA) chez KCI <span style=\"color: #2ad2c9;\">\/<\/span><\/h3>\n<p>[\/et_pb_text][\/et_pb_column][\/et_pb_row][et_pb_row _builder_version=\u00a0\u00bb4.16&Prime; _module_preset=\u00a0\u00bbdefault\u00a0\u00bb max_width=\u00a0\u00bb590px\u00a0\u00bb module_alignment=\u00a0\u00bbcenter\u00a0\u00bb global_colors_info=\u00a0\u00bb{}\u00a0\u00bb][et_pb_column type=\u00a0\u00bb4_4&Prime; _builder_version=\u00a0\u00bb4.16&Prime; _module_preset=\u00a0\u00bbdefault\u00a0\u00bb global_colors_info=\u00a0\u00bb{}\u00a0\u00bb][et_pb_text _builder_version=\u00a0\u00bb4.16&Prime; _module_preset=\u00a0\u00bbdefault\u00a0\u00bb global_colors_info=\u00a0\u00bb{}\u00a0\u00bb]<\/p>\n<p>En tant que firme, KCI s\u2019engage fermement \u00e0 l\u2019\u00e9quit\u00e9 et \u00e0 l\u2019inclusion. Nous sommes fiers que notre personnel repr\u00e9sente plusieurs dimensions de la diversit\u00e9, y compris le sexe, la race, l\u2019orientation sexuelle, l\u2019\u00e2ge, l\u2019\u00e9ducation, les capacit\u00e9s physiques et la langue.<\/p>\n<p>Nous avons voulu renforcer la diversit\u00e9 de notre propre \u00e9quipe afin de b\u00e9n\u00e9ficier d\u2019une vari\u00e9t\u00e9 de perspectives et d\u2019exp\u00e9riences. 80 % de l\u2019\u00e9quipe de direction de KCI est compos\u00e9e de femmes, et plus de 20 % du personnel national de KCI s\u2019identifie comme racialis\u00e9.<\/p>\n<p>L\u2019une des valeurs fondamentales de notre firme est une \u00ab ouverture aux id\u00e9es nouvelles \u00bb et, \u00e0 cette fin, un engagement continu envers l\u2019apprentissage personnel et professionnel est essentiel. Le personnel de KCI a b\u00e9n\u00e9fici\u00e9 d\u2019une exploration, d\u2019un dialogue et d\u2019une formation proactifs et continus en mati\u00e8re de diversit\u00e9, d\u2019\u00e9quit\u00e9, d\u2019inclusion, d\u2019accessibilit\u00e9 et de r\u00e9conciliation. La firme s\u2019est engag\u00e9e collectivement \u00e0 continuer de faire cro\u00eetre son \u00e9quipe et sa culture gr\u00e2ce \u00e0 de solides principes d\u2019inclusion, de diversit\u00e9, d\u2019\u00e9quit\u00e9 et d\u2019acc\u00e8s.<\/p>\n<p>Notre groupe de travail sur l\u2019inclusion, la diversit\u00e9, l\u2019\u00e9quit\u00e9 et l\u2019acc\u00e8s (IDEA) dirige la mise en \u0153uvre d\u2019un plan d\u2019apprentissage organisationnel pour tout le personnel afin de renforcer leurs comp\u00e9tences et d\u2019\u00e9liminer les pr\u00e9jug\u00e9s inconscients. Dans le cadre de ce plan, tout le personnel de KCI a r\u00e9cemment suivi un cours de sensibilisation \u00e0 la culture autochtone offert par l\u2019Indigenous Leadership Development Institute. De plus, notre \u00e9quipe Recrutement + Talent de KCI a d\u00e9velopp\u00e9 un cadre intitul\u00e9 \u00ab R\u00e9duire les biais de recrutement \u00bb qui oriente \u00e0 la fois notre approche visant \u00e0 assurer des recherches \u00e9quitables et inclusives pour nos clients et nos propres efforts de recrutement \u00e0 KCI. Enfin, plusieurs de nos partenaires et collaborateurs sont activement impliqu\u00e9s dans le travail d\u2019IDEA aux niveaux national et international de l\u2019AFP.<\/p>\n<p>[\/et_pb_text][\/et_pb_column][\/et_pb_row][\/et_pb_section]<\/p>\n","protected":false},"excerpt":{"rendered":"<p>Gens&nbsp\/ L\u2019\u00e9quipe de direction KCI \/ T\/ 905-928-8905T\/ 416.340.9710 x1006T\/ 438.820.3496T\/416.340.9710 x1049T\/ 416.340.9710 x1013T\/ 416.340.9710 [&hellip;]<\/p>\n","protected":false},"author":3,"featured_media":0,"parent":0,"menu_order":7,"comment_status":"closed","ping_status":"closed","template":"","meta":{"_et_pb_use_builder":"on","_et_pb_old_content":"","_et_gb_content_width":"","_relevanssi_hide_post":"","_relevanssi_hide_content":"","_relevanssi_pin_for_all":"","_relevanssi_pin_keywords":"","_relevanssi_unpin_keywords":"","_relevanssi_related_keywords":"","_relevanssi_related_include_ids":"","_relevanssi_related_exclude_ids":"","_relevanssi_related_no_append":"","_relevanssi_related_not_related":"","_relevanssi_related_posts":"","_relevanssi_noindex_reason":"","_exactmetrics_skip_tracking":false,"_exactmetrics_sitenote_active":false,"_exactmetrics_sitenote_note":"","_exactmetrics_sitenote_category":0,"footnotes":""},"class_list":["post-739","page","type-page","status-publish","hentry"],"yoast_head":"<!-- This site is optimized with the Yoast SEO plugin v27.5 - https:\/\/yoast.com\/product\/yoast-seo-wordpress\/ -->\n<title>Gens \/ KCI Ketchum Canada Forward Thinking<\/title>\n<meta name=\"robots\" content=\"index, follow, max-snippet:-1, max-image-preview:large, max-video-preview:-1\" \/>\n<link rel=\"canonical\" href=\"https:\/\/kciphilanthropy.com\/fr\/gens\/\" \/>\n<meta property=\"og:locale\" content=\"fr_FR\" \/>\n<meta property=\"og:type\" content=\"article\" \/>\n<meta property=\"og:title\" content=\"Gens \/ KCI Ketchum Canada Forward Thinking\" \/>\n<meta property=\"og:description\" content=\"Gens\/ L\u2019\u00e9quipe de direction KCI \/ T\/ 905-928-8905T\/ 416.340.9710 x1006T\/ 438.820.3496T\/416.340.9710 x1049T\/ 416.340.9710 x1013T\/ 416.340.9710 [&hellip;]\" \/>\n<meta property=\"og:url\" content=\"https:\/\/kciphilanthropy.com\/fr\/gens\/\" \/>\n<meta property=\"og:site_name\" content=\"KCI Ketchum Canada Forward Thinking\" \/>\n<meta property=\"article:modified_time\" content=\"2025-08-12T13:35:09+00:00\" \/>\n<meta property=\"og:image\" content=\"https:\/\/kciphilanthropy.com\/wp-content\/uploads\/2018\/11\/KCI_Grey_Green_Pos-social.jpg\" \/>\n\t<meta property=\"og:image:width\" content=\"800\" \/>\n\t<meta property=\"og:image:height\" content=\"418\" \/>\n\t<meta property=\"og:image:type\" content=\"image\/jpeg\" \/>\n<meta name=\"twitter:card\" content=\"summary_large_image\" \/>\n<meta name=\"twitter:site\" content=\"@kciphilanthropy\" \/>\n<script type=\"application\/ld+json\" class=\"yoast-schema-graph\">{\"@context\":\"https:\\\/\\\/schema.org\",\"@graph\":[{\"@type\":\"WebPage\",\"@id\":\"https:\\\/\\\/kciphilanthropy.com\\\/fr\\\/gens\\\/\",\"url\":\"https:\\\/\\\/kciphilanthropy.com\\\/fr\\\/gens\\\/\",\"name\":\"Gens \\\/ KCI Ketchum Canada Forward Thinking\",\"isPartOf\":{\"@id\":\"https:\\\/\\\/kciphilanthropy.com\\\/#website\"},\"datePublished\":\"2018-10-11T23:50:13+00:00\",\"dateModified\":\"2025-08-12T13:35:09+00:00\",\"breadcrumb\":{\"@id\":\"https:\\\/\\\/kciphilanthropy.com\\\/fr\\\/gens\\\/#breadcrumb\"},\"inLanguage\":\"fr-FR\",\"potentialAction\":[{\"@type\":\"ReadAction\",\"target\":[\"https:\\\/\\\/kciphilanthropy.com\\\/fr\\\/gens\\\/\"]}]},{\"@type\":\"BreadcrumbList\",\"@id\":\"https:\\\/\\\/kciphilanthropy.com\\\/fr\\\/gens\\\/#breadcrumb\",\"itemListElement\":[{\"@type\":\"ListItem\",\"position\":1,\"name\":\"Home\",\"item\":\"https:\\\/\\\/kciphilanthropy.com\\\/fr\\\/\"},{\"@type\":\"ListItem\",\"position\":2,\"name\":\"Gens\"}]},{\"@type\":\"WebSite\",\"@id\":\"https:\\\/\\\/kciphilanthropy.com\\\/#website\",\"url\":\"https:\\\/\\\/kciphilanthropy.com\\\/\",\"name\":\"KCI Ketchum Canada Forward Thinking\",\"description\":\"What&#039;s Next\",\"publisher\":{\"@id\":\"https:\\\/\\\/kciphilanthropy.com\\\/#organization\"},\"potentialAction\":[{\"@type\":\"SearchAction\",\"target\":{\"@type\":\"EntryPoint\",\"urlTemplate\":\"https:\\\/\\\/kciphilanthropy.com\\\/?s={search_term_string}\"},\"query-input\":{\"@type\":\"PropertyValueSpecification\",\"valueRequired\":true,\"valueName\":\"search_term_string\"}}],\"inLanguage\":\"fr-FR\"},{\"@type\":\"Organization\",\"@id\":\"https:\\\/\\\/kciphilanthropy.com\\\/#organization\",\"name\":\"KCI What\u2019s Next.\",\"url\":\"https:\\\/\\\/kciphilanthropy.com\\\/\",\"logo\":{\"@type\":\"ImageObject\",\"inLanguage\":\"fr-FR\",\"@id\":\"https:\\\/\\\/kciphilanthropy.com\\\/#\\\/schema\\\/logo\\\/image\\\/\",\"url\":\"https:\\\/\\\/kciphilanthropy.com\\\/wp-content\\\/uploads\\\/2018\\\/10\\\/kci_logo.png\",\"contentUrl\":\"https:\\\/\\\/kciphilanthropy.com\\\/wp-content\\\/uploads\\\/2018\\\/10\\\/kci_logo.png\",\"width\":227,\"height\":41,\"caption\":\"KCI What\u2019s Next.\"},\"image\":{\"@id\":\"https:\\\/\\\/kciphilanthropy.com\\\/#\\\/schema\\\/logo\\\/image\\\/\"},\"sameAs\":[\"https:\\\/\\\/x.com\\\/kciphilanthropy\",\"https:\\\/\\\/www.linkedin.com\\\/company\\\/kci-ketchum-canada\\\/\"]}]}<\/script>\n<!-- \/ Yoast SEO plugin. -->","yoast_head_json":{"title":"Gens \/ KCI Ketchum Canada Forward Thinking","robots":{"index":"index","follow":"follow","max-snippet":"max-snippet:-1","max-image-preview":"max-image-preview:large","max-video-preview":"max-video-preview:-1"},"canonical":"https:\/\/kciphilanthropy.com\/fr\/gens\/","og_locale":"fr_FR","og_type":"article","og_title":"Gens \/ KCI Ketchum Canada Forward Thinking","og_description":"Gens\/ L\u2019\u00e9quipe de direction KCI \/ T\/ 905-928-8905T\/ 416.340.9710 x1006T\/ 438.820.3496T\/416.340.9710 x1049T\/ 416.340.9710 x1013T\/ 416.340.9710 [&hellip;]","og_url":"https:\/\/kciphilanthropy.com\/fr\/gens\/","og_site_name":"KCI Ketchum Canada Forward Thinking","article_modified_time":"2025-08-12T13:35:09+00:00","og_image":[{"width":800,"height":418,"url":"https:\/\/kciphilanthropy.com\/wp-content\/uploads\/2018\/11\/KCI_Grey_Green_Pos-social.jpg","type":"image\/jpeg"}],"twitter_card":"summary_large_image","twitter_site":"@kciphilanthropy","schema":{"@context":"https:\/\/schema.org","@graph":[{"@type":"WebPage","@id":"https:\/\/kciphilanthropy.com\/fr\/gens\/","url":"https:\/\/kciphilanthropy.com\/fr\/gens\/","name":"Gens \/ KCI Ketchum Canada Forward Thinking","isPartOf":{"@id":"https:\/\/kciphilanthropy.com\/#website"},"datePublished":"2018-10-11T23:50:13+00:00","dateModified":"2025-08-12T13:35:09+00:00","breadcrumb":{"@id":"https:\/\/kciphilanthropy.com\/fr\/gens\/#breadcrumb"},"inLanguage":"fr-FR","potentialAction":[{"@type":"ReadAction","target":["https:\/\/kciphilanthropy.com\/fr\/gens\/"]}]},{"@type":"BreadcrumbList","@id":"https:\/\/kciphilanthropy.com\/fr\/gens\/#breadcrumb","itemListElement":[{"@type":"ListItem","position":1,"name":"Home","item":"https:\/\/kciphilanthropy.com\/fr\/"},{"@type":"ListItem","position":2,"name":"Gens"}]},{"@type":"WebSite","@id":"https:\/\/kciphilanthropy.com\/#website","url":"https:\/\/kciphilanthropy.com\/","name":"KCI Ketchum Canada Forward Thinking","description":"What&#039;s Next","publisher":{"@id":"https:\/\/kciphilanthropy.com\/#organization"},"potentialAction":[{"@type":"SearchAction","target":{"@type":"EntryPoint","urlTemplate":"https:\/\/kciphilanthropy.com\/?s={search_term_string}"},"query-input":{"@type":"PropertyValueSpecification","valueRequired":true,"valueName":"search_term_string"}}],"inLanguage":"fr-FR"},{"@type":"Organization","@id":"https:\/\/kciphilanthropy.com\/#organization","name":"KCI What\u2019s Next.","url":"https:\/\/kciphilanthropy.com\/","logo":{"@type":"ImageObject","inLanguage":"fr-FR","@id":"https:\/\/kciphilanthropy.com\/#\/schema\/logo\/image\/","url":"https:\/\/kciphilanthropy.com\/wp-content\/uploads\/2018\/10\/kci_logo.png","contentUrl":"https:\/\/kciphilanthropy.com\/wp-content\/uploads\/2018\/10\/kci_logo.png","width":227,"height":41,"caption":"KCI What\u2019s Next."},"image":{"@id":"https:\/\/kciphilanthropy.com\/#\/schema\/logo\/image\/"},"sameAs":["https:\/\/x.com\/kciphilanthropy","https:\/\/www.linkedin.com\/company\/kci-ketchum-canada\/"]}]}},"_links":{"self":[{"href":"https:\/\/kciphilanthropy.com\/fr\/wp-json\/wp\/v2\/pages\/739","targetHints":{"allow":["GET"]}}],"collection":[{"href":"https:\/\/kciphilanthropy.com\/fr\/wp-json\/wp\/v2\/pages"}],"about":[{"href":"https:\/\/kciphilanthropy.com\/fr\/wp-json\/wp\/v2\/types\/page"}],"author":[{"embeddable":true,"href":"https:\/\/kciphilanthropy.com\/fr\/wp-json\/wp\/v2\/users\/3"}],"replies":[{"embeddable":true,"href":"https:\/\/kciphilanthropy.com\/fr\/wp-json\/wp\/v2\/comments?post=739"}],"version-history":[{"count":16,"href":"https:\/\/kciphilanthropy.com\/fr\/wp-json\/wp\/v2\/pages\/739\/revisions"}],"predecessor-version":[{"id":68268,"href":"https:\/\/kciphilanthropy.com\/fr\/wp-json\/wp\/v2\/pages\/739\/revisions\/68268"}],"wp:attachment":[{"href":"https:\/\/kciphilanthropy.com\/fr\/wp-json\/wp\/v2\/media?parent=739"}],"curies":[{"name":"wp","href":"https:\/\/api.w.org\/{rel}","templated":true}]}}